{"id":1347,"date":"2021-07-27T19:28:05","date_gmt":"2021-07-27T19:28:05","guid":{"rendered":"http:\/\/benedictino.6gradosdigital.com\/?page_id=1347"},"modified":"2026-04-23T13:20:57","modified_gmt":"2026-04-23T18:20:57","slug":"code-of-conduct","status":"publish","type":"page","link":"https:\/\/colegiobenedictino.edu.co\/en\/manual-de-convivencia\/","title":{"rendered":"Code of Conduct"},"content":{"rendered":"<div class=\"wpb-content-wrapper\"><div data-vc-full-width=\"true\" data-vc-full-width-temp=\"true\" data-vc-full-width-init=\"false\" class=\"vc_row wpb_row vc_row-fluid\"><div class=\"wpb_column vc_column_container vc_col-sm-8\"><div class=\"vc_column-inner\"><div class=\"wpb_wrapper\">\n\t<div class=\"wpb_text_column wpb_content_element\" >\n\t\t<div class=\"wpb_wrapper\">\n\t\t\t<h3><b>Guidance and support<\/b><\/h3>\n<p><span style=\"font-weight: 400;\">Our educational program is expressed through the following projects:<\/span><\/p>\n<p>&nbsp;<\/p>\n<h3><b>A community-based life project for:<\/b><\/h3>\n<p>&nbsp;<\/p>\n<ul>\n<li style=\"font-weight: 400;\" aria-level=\"1\"><span style=\"font-weight: 400;\"><span style=\"font-weight: 400;\"><span style=\"font-weight: 400;\"><span style=\"font-weight: 400;\">Emotional literacy for the whole educational community.<\/span><\/span><\/span><\/span><br \/>\n<span style=\"color: #ffffff;\">.<\/span><\/li>\n<li style=\"font-weight: 400;\" aria-level=\"1\"><span style=\"font-weight: 400;\"><span style=\"font-weight: 400;\"><span style=\"font-weight: 400;\"><span style=\"font-weight: 400;\"><span style=\"font-weight: 400;\">The cultivation of students' emotional literacy skills. By helping them identify, manage, and express their emotions in a healthy way, we can enhance their ability to coexist peacefully with others. This focus not only promotes respect and empathy within the school community but also contributes to a more supportive and understanding environment for everyone.<\/span><\/span><\/span><\/span><\/span><br \/>\n<span style=\"color: #ffffff;\">.<\/span><\/li>\n<li style=\"font-weight: 400;\" aria-level=\"1\"><span style=\"font-weight: 400;\"><span style=\"font-weight: 400;\"><span style=\"font-weight: 400;\"><span style=\"font-weight: 400;\"><span style=\"font-weight: 400;\">The focus on preventing bullying, aggression, and various forms of misconduct is essential for fostering a safe and supportive environment. Implementing effective strategies can help address these issues proactively and create a culture of respect and kindness.<\/span><\/span><\/span><\/span><\/span><br \/>\n<span style=\"color: #ffffff;\">.<\/span><\/li>\n<li style=\"font-weight: 400;\" aria-level=\"1\"><span style=\"font-weight: 400;\"><span style=\"font-weight: 400;\"><span style=\"font-weight: 400;\"><span style=\"font-weight: 400;\"><span style=\"font-weight: 400;\">The implementation of strategies aimed at preventing bullying, aggression, and other forms of misbehavior should focus on fostering a culture of non-violence. This can be achieved through restorative practices and the establishment of peer support networks that promote peaceful conflict resolution. By encouraging dialogue and understanding among individuals, we can create an environment where everyone feels safe and respected.<\/span><\/span><\/span><\/span><\/span><br \/>\n<span style=\"color: #ffffff;\">.<\/span><\/li>\n<li style=\"font-weight: 400;\" aria-level=\"1\"><span style=\"font-weight: 400;\"><span style=\"font-weight: 400;\"><span style=\"font-weight: 400;\"><span style=\"font-weight: 400;\"><span style=\"font-weight: 400;\">The cultivation of spiritual intelligence fosters the exploration of various vocations.<\/span><\/span><\/span><\/span><\/span><br \/>\n<span style=\"color: #ffffff;\">.<\/span><\/li>\n<li style=\"font-weight: 400;\" aria-level=\"1\"><span style=\"font-weight: 400;\"><span style=\"font-weight: 400;\"><span style=\"font-weight: 400;\"><span style=\"font-weight: 400;\"><span style=\"font-weight: 400;\">The growth of spiritual intelligence by providing opportunities for both individual and group reflection. In these spaces, students can delve into their purpose, values, and sense of transcendence, while also linking these insights to their academic and career paths.<\/span><\/span><\/span><\/span><\/span><br \/>\n<span style=\"color: #ffffff;\">.<\/span><\/li>\n<li style=\"font-weight: 400;\" aria-level=\"1\"><span style=\"font-weight: 400;\"><span style=\"font-weight: 400;\"><span style=\"font-weight: 400;\"><span style=\"font-weight: 400;\"><span style=\"font-weight: 400;\">The concepts of solidarity and service will be examined through the lens of vocational perspectives.<\/span><\/span><\/span><\/span><\/span><br \/>\n<span style=\"color: #ffffff;\">.<\/span><\/li>\n<li style=\"font-weight: 400;\" aria-level=\"1\"><span style=\"font-weight: 400;\"><span style=\"font-weight: 400;\"><span style=\"font-weight: 400;\"><span style=\"font-weight: 400;\">Exploring career guidance opportunities from a service-oriented angle involves organizing workshops, providing mentorship, and offering hands-on experiences in caring and helping professions. This approach enables students to discover vocations that align with their individual talents, values, and desire to make a positive impact in society.<\/span><\/span><\/span><\/span><br \/>\n<span style=\"color: #ffffff;\">.<\/span><\/li>\n<li style=\"font-weight: 400;\" aria-level=\"1\"><span style=\"font-weight: 400;\"><span style=\"font-weight: 400;\"><span style=\"font-weight: 400;\"><span style=\"font-weight: 400;\"><span style=\"font-weight: 400;\">Fostering circular relationships in a setting where restorative practices are actively embraced.<\/span><\/span><\/span><\/span><\/span><br \/>\n<span style=\"color: #ffffff;\">.<\/span><\/li>\n<li style=\"font-weight: 400;\" aria-level=\"1\"><span style=\"font-weight: 400;\">Fostering circular relationships within the school community by implementing restorative practices that encourage open dialogue, equity, and a shared sense of responsibility in decision-making and conflict resolution.<\/span><\/li>\n<\/ul>\n<p>&nbsp;<\/p>\n<h3><b>All of the above for<\/b><b>:<\/b><\/h3>\n<p><span style=\"font-weight: 400;\">The holistic development of students involves fostering meaningful relationships, enhancing emotional, spiritual, and social intelligence, and building a culture of service and solidarity. This approach is rooted in restorative practices and is geared towards exploring vocations that enrich both personal fulfillment and community well-being.<\/span><\/p>\n<p><span style=\"font-weight: 400;\">\u00a0<\/span><\/p>\n\n\t\t<\/div>\n\t<\/div>\n<div class=\"vc_btn3-container vc_btn3-center\" ><a class=\"vc_general vc_btn3 vc_btn3-size-lg vc_btn3-shape-rounded vc_btn3-style-modern vc_btn3-color-primary\" href=\"https:\/\/drive.google.com\/file\/d\/1CysYUJ8yobhC56HB6RlRfNKhE8Wtobo0\/view?usp=sharing\" title=\"\" target=\"_blank\">Explore the Code of Conduct<\/a><\/div><\/div><\/div><\/div><div class=\"wpb_column vc_column_container vc_col-sm-4\"><div class=\"vc_column-inner\"><div class=\"wpb_wrapper\">\n\t<div  class=\"wpb_single_image wpb_content_element vc_align_center\">\n\t\t\n\t\t<figure class=\"wpb_wrapper vc_figure\">\n\t\t\t<div class=\"vc_single_image-wrapper   vc_box_border_grey\"><img data-recalc-dims=\"1\" loading=\"lazy\" decoding=\"async\" width=\"1000\" height=\"667\" src=\"https:\/\/i0.wp.com\/colegiobenedictino.edu.co\/wp-content\/uploads\/2025\/11\/kinder_bilingue_envigado.jpg?resize=1000%2C667&#038;ssl=1\" class=\"vc_single_image-img attachment-full\" alt=\"kindergarten students\" title=\"kinder_bilingual_envigado\" srcset=\"https:\/\/i0.wp.com\/colegiobenedictino.edu.co\/wp-content\/uploads\/2025\/11\/kinder_bilingue_envigado.jpg?w=1000&amp;ssl=1 1000w, https:\/\/i0.wp.com\/colegiobenedictino.edu.co\/wp-content\/uploads\/2025\/11\/kinder_bilingue_envigado.jpg?resize=300%2C200&amp;ssl=1 300w, https:\/\/i0.wp.com\/colegiobenedictino.edu.co\/wp-content\/uploads\/2025\/11\/kinder_bilingue_envigado.jpg?resize=150%2C100&amp;ssl=1 150w, https:\/\/i0.wp.com\/colegiobenedictino.edu.co\/wp-content\/uploads\/2025\/11\/kinder_bilingue_envigado.jpg?resize=768%2C512&amp;ssl=1 768w\" sizes=\"auto, (max-width: 1000px) 100vw, 1000px\" data-attachment-id=\"7373\" data-permalink=\"https:\/\/colegiobenedictino.edu.co\/en\/kinder-prejardin-jardin\/kinder_bilingue_envigado\/\" data-orig-file=\"https:\/\/colegiobenedictino.edu.co\/wp-content\/uploads\/2025\/11\/kinder_bilingue_envigado.jpg\" data-orig-size=\"1000,667\" data-comments-opened=\"0\" data-image-meta=\"{&quot;aperture&quot;:&quot;0&quot;,&quot;credit&quot;:&quot;&quot;,&quot;camera&quot;:&quot;&quot;,&quot;caption&quot;:&quot;&quot;,&quot;created_timestamp&quot;:&quot;0&quot;,&quot;copyright&quot;:&quot;&quot;,&quot;focal_length&quot;:&quot;0&quot;,&quot;iso&quot;:&quot;0&quot;,&quot;shutter_speed&quot;:&quot;0&quot;,&quot;title&quot;:&quot;&quot;,&quot;orientation&quot;:&quot;0&quot;}\" data-image-title=\"kinder_bilingue_envigado\" data-image-description=\"\" data-image-caption=\"\" data-large-file=\"https:\/\/colegiobenedictino.edu.co\/wp-content\/uploads\/2025\/11\/kinder_bilingue_envigado.jpg\"  data-dt-location=\"https:\/\/colegiobenedictino.edu.co\/en\/kinder-prejardin-jardin\/kinder_bilingue_envigado\/\" \/><\/div>\n\t\t<\/figure>\n\t<\/div>\n\n\t<div  class=\"wpb_single_image wpb_content_element vc_align_center\">\n\t\t\n\t\t<figure class=\"wpb_wrapper vc_figure\">\n\t\t\t<div class=\"vc_single_image-wrapper   vc_box_border_grey\"><img data-recalc-dims=\"1\" loading=\"lazy\" decoding=\"async\" width=\"1000\" height=\"667\" src=\"https:\/\/i0.wp.com\/colegiobenedictino.edu.co\/wp-content\/uploads\/2025\/11\/kinder_bilingue_colombia.jpg?resize=1000%2C667&#038;ssl=1\" class=\"vc_single_image-img attachment-full\" alt=\"\" title=\"bilingual_kindergarten_colombia\" srcset=\"https:\/\/i0.wp.com\/colegiobenedictino.edu.co\/wp-content\/uploads\/2025\/11\/kinder_bilingue_colombia.jpg?w=1000&amp;ssl=1 1000w, https:\/\/i0.wp.com\/colegiobenedictino.edu.co\/wp-content\/uploads\/2025\/11\/kinder_bilingue_colombia.jpg?resize=300%2C200&amp;ssl=1 300w, https:\/\/i0.wp.com\/colegiobenedictino.edu.co\/wp-content\/uploads\/2025\/11\/kinder_bilingue_colombia.jpg?resize=150%2C100&amp;ssl=1 150w, https:\/\/i0.wp.com\/colegiobenedictino.edu.co\/wp-content\/uploads\/2025\/11\/kinder_bilingue_colombia.jpg?resize=768%2C512&amp;ssl=1 768w\" sizes=\"auto, (max-width: 1000px) 100vw, 1000px\" data-attachment-id=\"7372\" data-permalink=\"https:\/\/colegiobenedictino.edu.co\/en\/kinder-prejardin-jardin\/kinder_bilingue_colombia\/\" data-orig-file=\"https:\/\/colegiobenedictino.edu.co\/wp-content\/uploads\/2025\/11\/kinder_bilingue_colombia.jpg\" data-orig-size=\"1000,667\" data-comments-opened=\"0\" data-image-meta=\"{&quot;aperture&quot;:&quot;0&quot;,&quot;credit&quot;:&quot;&quot;,&quot;camera&quot;:&quot;&quot;,&quot;caption&quot;:&quot;&quot;,&quot;created_timestamp&quot;:&quot;0&quot;,&quot;copyright&quot;:&quot;&quot;,&quot;focal_length&quot;:&quot;0&quot;,&quot;iso&quot;:&quot;0&quot;,&quot;shutter_speed&quot;:&quot;0&quot;,&quot;title&quot;:&quot;&quot;,&quot;orientation&quot;:&quot;0&quot;}\" data-image-title=\"kinder_bilingue_colombia\" data-image-description=\"\" data-image-caption=\"\" data-large-file=\"https:\/\/colegiobenedictino.edu.co\/wp-content\/uploads\/2025\/11\/kinder_bilingue_colombia.jpg\"  data-dt-location=\"https:\/\/colegiobenedictino.edu.co\/en\/kinder-prejardin-jardin\/kinder_bilingue_colombia\/\" \/><\/div>\n\t\t<\/figure>\n\t<\/div>\n\n\t<div  class=\"wpb_single_image wpb_content_element vc_align_center\">\n\t\t\n\t\t<figure class=\"wpb_wrapper vc_figure\">\n\t\t\t<div class=\"vc_single_image-wrapper   vc_box_border_grey\"><img data-recalc-dims=\"1\" loading=\"lazy\" decoding=\"async\" width=\"1000\" height=\"667\" src=\"https:\/\/i0.wp.com\/colegiobenedictino.edu.co\/wp-content\/uploads\/2025\/11\/kinder_bilingue_antioquia.jpg?resize=1000%2C667&#038;ssl=1\" class=\"vc_single_image-img attachment-full\" alt=\"\" title=\"Bilingual Kindergarten Antioquia\" srcset=\"https:\/\/i0.wp.com\/colegiobenedictino.edu.co\/wp-content\/uploads\/2025\/11\/kinder_bilingue_antioquia.jpg?w=1000&amp;ssl=1 1000w, https:\/\/i0.wp.com\/colegiobenedictino.edu.co\/wp-content\/uploads\/2025\/11\/kinder_bilingue_antioquia.jpg?resize=300%2C200&amp;ssl=1 300w, https:\/\/i0.wp.com\/colegiobenedictino.edu.co\/wp-content\/uploads\/2025\/11\/kinder_bilingue_antioquia.jpg?resize=150%2C100&amp;ssl=1 150w, https:\/\/i0.wp.com\/colegiobenedictino.edu.co\/wp-content\/uploads\/2025\/11\/kinder_bilingue_antioquia.jpg?resize=768%2C512&amp;ssl=1 768w\" sizes=\"auto, (max-width: 1000px) 100vw, 1000px\" data-attachment-id=\"7371\" data-permalink=\"https:\/\/colegiobenedictino.edu.co\/en\/kinder-prejardin-jardin\/kinder_bilingue_antioquia\/\" data-orig-file=\"https:\/\/colegiobenedictino.edu.co\/wp-content\/uploads\/2025\/11\/kinder_bilingue_antioquia.jpg\" data-orig-size=\"1000,667\" data-comments-opened=\"0\" data-image-meta=\"{&quot;aperture&quot;:&quot;0&quot;,&quot;credit&quot;:&quot;&quot;,&quot;camera&quot;:&quot;&quot;,&quot;caption&quot;:&quot;&quot;,&quot;created_timestamp&quot;:&quot;0&quot;,&quot;copyright&quot;:&quot;&quot;,&quot;focal_length&quot;:&quot;0&quot;,&quot;iso&quot;:&quot;0&quot;,&quot;shutter_speed&quot;:&quot;0&quot;,&quot;title&quot;:&quot;&quot;,&quot;orientation&quot;:&quot;0&quot;}\" data-image-title=\"kinder_bilingue_antioquia\" data-image-description=\"\" data-image-caption=\"\" data-large-file=\"https:\/\/colegiobenedictino.edu.co\/wp-content\/uploads\/2025\/11\/kinder_bilingue_antioquia.jpg\"  data-dt-location=\"https:\/\/colegiobenedictino.edu.co\/en\/kinder-prejardin-jardin\/kinder_bilingue_antioquia\/\" \/><\/div>\n\t\t<\/figure>\n\t<\/div>\n\n\t<div  class=\"wpb_single_image wpb_content_element vc_align_center\">\n\t\t\n\t\t<figure class=\"wpb_wrapper vc_figure\">\n\t\t\t<div class=\"vc_single_image-wrapper   vc_box_border_grey\"><img data-recalc-dims=\"1\" loading=\"lazy\" decoding=\"async\" width=\"1000\" height=\"667\" src=\"https:\/\/i0.wp.com\/colegiobenedictino.edu.co\/wp-content\/uploads\/2025\/11\/educacion_inicial_envigago_medellin.jpg?resize=1000%2C667&#038;ssl=1\" class=\"vc_single_image-img attachment-full\" alt=\"\" title=\"Early Childhood Education Envigado Medell\u00edn\" srcset=\"https:\/\/i0.wp.com\/colegiobenedictino.edu.co\/wp-content\/uploads\/2025\/11\/educacion_inicial_envigago_medellin.jpg?w=1000&amp;ssl=1 1000w, https:\/\/i0.wp.com\/colegiobenedictino.edu.co\/wp-content\/uploads\/2025\/11\/educacion_inicial_envigago_medellin.jpg?resize=300%2C200&amp;ssl=1 300w, https:\/\/i0.wp.com\/colegiobenedictino.edu.co\/wp-content\/uploads\/2025\/11\/educacion_inicial_envigago_medellin.jpg?resize=150%2C100&amp;ssl=1 150w, https:\/\/i0.wp.com\/colegiobenedictino.edu.co\/wp-content\/uploads\/2025\/11\/educacion_inicial_envigago_medellin.jpg?resize=768%2C512&amp;ssl=1 768w\" sizes=\"auto, (max-width: 1000px) 100vw, 1000px\" data-attachment-id=\"7011\" data-permalink=\"https:\/\/colegiobenedictino.edu.co\/en\/ebi\/educacion_inicial_envigago_medellin\/\" data-orig-file=\"https:\/\/colegiobenedictino.edu.co\/wp-content\/uploads\/2025\/11\/educacion_inicial_envigago_medellin.jpg\" data-orig-size=\"1000,667\" data-comments-opened=\"0\" data-image-meta=\"{&quot;aperture&quot;:&quot;0&quot;,&quot;credit&quot;:&quot;&quot;,&quot;camera&quot;:&quot;&quot;,&quot;caption&quot;:&quot;&quot;,&quot;created_timestamp&quot;:&quot;0&quot;,&quot;copyright&quot;:&quot;&quot;,&quot;focal_length&quot;:&quot;0&quot;,&quot;iso&quot;:&quot;0&quot;,&quot;shutter_speed&quot;:&quot;0&quot;,&quot;title&quot;:&quot;&quot;,&quot;orientation&quot;:&quot;0&quot;}\" data-image-title=\"educacion_inicial_envigago_medellin\" data-image-description=\"\" data-image-caption=\"\" data-large-file=\"https:\/\/colegiobenedictino.edu.co\/wp-content\/uploads\/2025\/11\/educacion_inicial_envigago_medellin.jpg\"  data-dt-location=\"https:\/\/colegiobenedictino.edu.co\/en\/ebi\/educacion_inicial_envigago_medellin\/\" \/><\/div>\n\t\t<\/figure>\n\t<\/div>\n\n\t<div  class=\"wpb_single_image wpb_content_element vc_align_center\">\n\t\t\n\t\t<figure class=\"wpb_wrapper vc_figure\">\n\t\t\t<div class=\"vc_single_image-wrapper   vc_box_border_grey\"><img data-recalc-dims=\"1\" loading=\"lazy\" decoding=\"async\" width=\"1000\" height=\"667\" src=\"https:\/\/i0.wp.com\/colegiobenedictino.edu.co\/wp-content\/uploads\/2025\/11\/educacion_inicial_bilingue-2.jpg?resize=1000%2C667&#038;ssl=1\" class=\"vc_single_image-img attachment-full\" alt=\"school students\" title=\"Bilingual Early Education\" srcset=\"https:\/\/i0.wp.com\/colegiobenedictino.edu.co\/wp-content\/uploads\/2025\/11\/educacion_inicial_bilingue-2.jpg?w=1000&amp;ssl=1 1000w, https:\/\/i0.wp.com\/colegiobenedictino.edu.co\/wp-content\/uploads\/2025\/11\/educacion_inicial_bilingue-2.jpg?resize=300%2C200&amp;ssl=1 300w, https:\/\/i0.wp.com\/colegiobenedictino.edu.co\/wp-content\/uploads\/2025\/11\/educacion_inicial_bilingue-2.jpg?resize=150%2C100&amp;ssl=1 150w, https:\/\/i0.wp.com\/colegiobenedictino.edu.co\/wp-content\/uploads\/2025\/11\/educacion_inicial_bilingue-2.jpg?resize=768%2C512&amp;ssl=1 768w\" sizes=\"auto, (max-width: 1000px) 100vw, 1000px\" data-attachment-id=\"7009\" data-permalink=\"https:\/\/colegiobenedictino.edu.co\/en\/ebi\/educacion_inicial_bilingue-3\/\" data-orig-file=\"https:\/\/colegiobenedictino.edu.co\/wp-content\/uploads\/2025\/11\/educacion_inicial_bilingue-2.jpg\" data-orig-size=\"1000,667\" data-comments-opened=\"0\" data-image-meta=\"{&quot;aperture&quot;:&quot;0&quot;,&quot;credit&quot;:&quot;&quot;,&quot;camera&quot;:&quot;&quot;,&quot;caption&quot;:&quot;&quot;,&quot;created_timestamp&quot;:&quot;0&quot;,&quot;copyright&quot;:&quot;&quot;,&quot;focal_length&quot;:&quot;0&quot;,&quot;iso&quot;:&quot;0&quot;,&quot;shutter_speed&quot;:&quot;0&quot;,&quot;title&quot;:&quot;&quot;,&quot;orientation&quot;:&quot;0&quot;}\" data-image-title=\"educacion_inicial_bilingue\" data-image-description=\"\" data-image-caption=\"\" data-large-file=\"https:\/\/colegiobenedictino.edu.co\/wp-content\/uploads\/2025\/11\/educacion_inicial_bilingue-2.jpg\"  data-dt-location=\"https:\/\/colegiobenedictino.edu.co\/en\/ebi\/educacion_inicial_bilingue-3\/\" \/><\/div>\n\t\t<\/figure>\n\t<\/div>\n<\/div><\/div><\/div><\/div><div class=\"vc_row-full-width vc_clearfix\"><\/div>\n<\/div>","protected":false},"excerpt":{"rendered":"<p>Orientaci\u00f3n y acompa\u00f1amiento Nuestra propuesta formativa se vive a trav\u00e9s de los siguientes proyectos formativos: &nbsp; Un proyecto de vida en comunidad para: &nbsp; La alfabetizaci\u00f3n emocional de toda la comunidad educativa. . Desarrollar habilidades de alfabetizaci\u00f3n emocional en los estudiantes, fomentando la identificaci\u00f3n, gesti\u00f3n y expresi\u00f3n saludable de sus emociones, para mejorar la convivencia&hellip;<\/p>","protected":false},"author":272175875,"featured_media":7557,"parent":0,"menu_order":0,"comment_status":"closed","ping_status":"closed","template":"","meta":{"footnotes":"","big_sky_generated":false},"class_list":["post-1347","page","type-page","status-publish","has-post-thumbnail","hentry","description-off"],"yoast_head":"<!-- This site is optimized with the Yoast SEO plugin v27.5 - https:\/\/yoast.com\/product\/yoast-seo-wordpress\/ -->\n<title>Manual de convivencia - Colegio Benedictino<\/title>\n<meta name=\"description\" content=\"Vivimos en una comunidad basada en el respeto. Conoce el Manual de Convivencia para saber m\u00e1s de nuestros valores, acuerdos de paz y lineamientos institucionales.\" \/>\n<meta name=\"robots\" content=\"index, follow, max-snippet:-1, max-image-preview:large, max-video-preview:-1\" \/>\n<link rel=\"canonical\" href=\"https:\/\/colegiobenedictino.edu.co\/en\/code-of-conduct\/\" \/>\n<meta property=\"og:locale\" content=\"en_US\" \/>\n<meta property=\"og:type\" content=\"article\" \/>\n<meta property=\"og:title\" content=\"Manual de convivencia - Colegio Benedictino\" \/>\n<meta property=\"og:description\" content=\"Vivimos en una comunidad basada en el respeto. Conoce el Manual de Convivencia para saber m\u00e1s de nuestros valores, acuerdos de paz y lineamientos institucionales.\" \/>\n<meta property=\"og:url\" content=\"https:\/\/colegiobenedictino.edu.co\/en\/code-of-conduct\/\" \/>\n<meta property=\"og:site_name\" content=\"Colegio Benedictino\" \/>\n<meta property=\"article:publisher\" content=\"https:\/\/www.facebook.com\/colegiobenedictino?tsid=0.28463760125801607&amp;source=result\" \/>\n<meta property=\"article:modified_time\" content=\"2026-04-23T18:20:57+00:00\" \/>\n<meta property=\"og:image\" content=\"https:\/\/colegiobenedictino.edu.co\/wp-content\/uploads\/2025\/11\/actividades_extracurriculares_2.jpg\" \/>\n\t<meta property=\"og:image:width\" content=\"2560\" \/>\n\t<meta property=\"og:image:height\" content=\"1707\" \/>\n\t<meta property=\"og:image:type\" content=\"image\/jpeg\" \/>\n<meta name=\"twitter:card\" content=\"summary_large_image\" \/>\n<meta name=\"twitter:label1\" content=\"Est. reading time\" \/>\n\t<meta name=\"twitter:data1\" content=\"2 minutes\" \/>\n<script type=\"application\/ld+json\" class=\"yoast-schema-graph\">{\"@context\":\"https:\\\/\\\/schema.org\",\"@graph\":[{\"@type\":\"WebPage\",\"@id\":\"https:\\\/\\\/colegiobenedictino.edu.co\\\/manual-de-convivencia\\\/\",\"url\":\"https:\\\/\\\/colegiobenedictino.edu.co\\\/manual-de-convivencia\\\/\",\"name\":\"Manual de convivencia - Colegio Benedictino\",\"isPartOf\":{\"@id\":\"https:\\\/\\\/colegiobenedictino.edu.co\\\/#website\"},\"primaryImageOfPage\":{\"@id\":\"https:\\\/\\\/colegiobenedictino.edu.co\\\/manual-de-convivencia\\\/#primaryimage\"},\"image\":{\"@id\":\"https:\\\/\\\/colegiobenedictino.edu.co\\\/manual-de-convivencia\\\/#primaryimage\"},\"thumbnailUrl\":\"https:\\\/\\\/colegiobenedictino.edu.co\\\/wp-content\\\/uploads\\\/2025\\\/11\\\/actividades_extracurriculares_2.jpg\",\"datePublished\":\"2021-07-27T19:28:05+00:00\",\"dateModified\":\"2026-04-23T18:20:57+00:00\",\"description\":\"Vivimos en una comunidad basada en el respeto. Conoce el Manual de Convivencia para saber m\u00e1s de nuestros valores, acuerdos de paz y lineamientos institucionales.\",\"breadcrumb\":{\"@id\":\"https:\\\/\\\/colegiobenedictino.edu.co\\\/manual-de-convivencia\\\/#breadcrumb\"},\"inLanguage\":\"en-US\",\"potentialAction\":[{\"@type\":\"ReadAction\",\"target\":[\"https:\\\/\\\/colegiobenedictino.edu.co\\\/manual-de-convivencia\\\/\"]}]},{\"@type\":\"ImageObject\",\"inLanguage\":\"en-US\",\"@id\":\"https:\\\/\\\/colegiobenedictino.edu.co\\\/manual-de-convivencia\\\/#primaryimage\",\"url\":\"https:\\\/\\\/colegiobenedictino.edu.co\\\/wp-content\\\/uploads\\\/2025\\\/11\\\/actividades_extracurriculares_2.jpg\",\"contentUrl\":\"https:\\\/\\\/colegiobenedictino.edu.co\\\/wp-content\\\/uploads\\\/2025\\\/11\\\/actividades_extracurriculares_2.jpg\",\"width\":2560,\"height\":1707,\"caption\":\"estudiantes benedictinos\"},{\"@type\":\"BreadcrumbList\",\"@id\":\"https:\\\/\\\/colegiobenedictino.edu.co\\\/manual-de-convivencia\\\/#breadcrumb\",\"itemListElement\":[{\"@type\":\"ListItem\",\"position\":1,\"name\":\"Portada\",\"item\":\"https:\\\/\\\/colegiobenedictino.edu.co\\\/\"},{\"@type\":\"ListItem\",\"position\":2,\"name\":\"Manual de convivencia\"}]},{\"@type\":\"WebSite\",\"@id\":\"https:\\\/\\\/colegiobenedictino.edu.co\\\/#website\",\"url\":\"https:\\\/\\\/colegiobenedictino.edu.co\\\/\",\"name\":\"Colegio Benedictino\",\"description\":\"Colegio Benedictino de Santa Mar\u00eda\",\"publisher\":{\"@id\":\"https:\\\/\\\/colegiobenedictino.edu.co\\\/#organization\"},\"potentialAction\":[{\"@type\":\"SearchAction\",\"target\":{\"@type\":\"EntryPoint\",\"urlTemplate\":\"https:\\\/\\\/colegiobenedictino.edu.co\\\/?s={search_term_string}\"},\"query-input\":{\"@type\":\"PropertyValueSpecification\",\"valueRequired\":true,\"valueName\":\"search_term_string\"}}],\"inLanguage\":\"en-US\"},{\"@type\":\"Organization\",\"@id\":\"https:\\\/\\\/colegiobenedictino.edu.co\\\/#organization\",\"name\":\"Colegio Benedictino\",\"url\":\"https:\\\/\\\/colegiobenedictino.edu.co\\\/\",\"logo\":{\"@type\":\"ImageObject\",\"inLanguage\":\"en-US\",\"@id\":\"https:\\\/\\\/colegiobenedictino.edu.co\\\/#\\\/schema\\\/logo\\\/image\\\/\",\"url\":\"https:\\\/\\\/colegiobenedictino.edu.co\\\/wp-content\\\/uploads\\\/2026\\\/03\\\/Mesa-de-trabajo-1.png\",\"contentUrl\":\"https:\\\/\\\/colegiobenedictino.edu.co\\\/wp-content\\\/uploads\\\/2026\\\/03\\\/Mesa-de-trabajo-1.png\",\"width\":851,\"height\":851,\"caption\":\"Colegio Benedictino\"},\"image\":{\"@id\":\"https:\\\/\\\/colegiobenedictino.edu.co\\\/#\\\/schema\\\/logo\\\/image\\\/\"},\"sameAs\":[\"https:\\\/\\\/www.facebook.com\\\/colegiobenedictino?tsid=0.28463760125801607&source=result\",\"https:\\\/\\\/www.instagram.com\\\/benedictinos\\\/\"]}]}<\/script>\n<!-- \/ Yoast SEO plugin. -->","yoast_head_json":{"title":"Code of Conduct - Benedictine School","description":"We live in a community based on respect. Learn about the Community Guidelines to know more about our values, peace agreements, and institutional principles.","robots":{"index":"index","follow":"follow","max-snippet":"max-snippet:-1","max-image-preview":"max-image-preview:large","max-video-preview":"max-video-preview:-1"},"canonical":"https:\/\/colegiobenedictino.edu.co\/en\/code-of-conduct\/","og_locale":"en_US","og_type":"article","og_title":"Manual de convivencia - Colegio Benedictino","og_description":"Vivimos en una comunidad basada en el respeto. Conoce el Manual de Convivencia para saber m\u00e1s de nuestros valores, acuerdos de paz y lineamientos institucionales.","og_url":"https:\/\/colegiobenedictino.edu.co\/en\/code-of-conduct\/","og_site_name":"Colegio Benedictino","article_publisher":"https:\/\/www.facebook.com\/colegiobenedictino?tsid=0.28463760125801607&source=result","article_modified_time":"2026-04-23T18:20:57+00:00","og_image":[{"width":2560,"height":1707,"url":"https:\/\/colegiobenedictino.edu.co\/wp-content\/uploads\/2025\/11\/actividades_extracurriculares_2.jpg","type":"image\/jpeg"}],"twitter_card":"summary_large_image","twitter_misc":{"Est. reading time":"2 minutes"},"schema":{"@context":"https:\/\/schema.org","@graph":[{"@type":"WebPage","@id":"https:\/\/colegiobenedictino.edu.co\/manual-de-convivencia\/","url":"https:\/\/colegiobenedictino.edu.co\/manual-de-convivencia\/","name":"Code of Conduct - Benedictine School","isPartOf":{"@id":"https:\/\/colegiobenedictino.edu.co\/#website"},"primaryImageOfPage":{"@id":"https:\/\/colegiobenedictino.edu.co\/manual-de-convivencia\/#primaryimage"},"image":{"@id":"https:\/\/colegiobenedictino.edu.co\/manual-de-convivencia\/#primaryimage"},"thumbnailUrl":"https:\/\/colegiobenedictino.edu.co\/wp-content\/uploads\/2025\/11\/actividades_extracurriculares_2.jpg","datePublished":"2021-07-27T19:28:05+00:00","dateModified":"2026-04-23T18:20:57+00:00","description":"We live in a community based on respect. Learn about the Community Guidelines to know more about our values, peace agreements, and institutional principles.","breadcrumb":{"@id":"https:\/\/colegiobenedictino.edu.co\/manual-de-convivencia\/#breadcrumb"},"inLanguage":"en-US","potentialAction":[{"@type":"ReadAction","target":["https:\/\/colegiobenedictino.edu.co\/manual-de-convivencia\/"]}]},{"@type":"ImageObject","inLanguage":"en-US","@id":"https:\/\/colegiobenedictino.edu.co\/manual-de-convivencia\/#primaryimage","url":"https:\/\/colegiobenedictino.edu.co\/wp-content\/uploads\/2025\/11\/actividades_extracurriculares_2.jpg","contentUrl":"https:\/\/colegiobenedictino.edu.co\/wp-content\/uploads\/2025\/11\/actividades_extracurriculares_2.jpg","width":2560,"height":1707,"caption":"estudiantes benedictinos"},{"@type":"BreadcrumbList","@id":"https:\/\/colegiobenedictino.edu.co\/manual-de-convivencia\/#breadcrumb","itemListElement":[{"@type":"ListItem","position":1,"name":"Portada","item":"https:\/\/colegiobenedictino.edu.co\/"},{"@type":"ListItem","position":2,"name":"Manual de convivencia"}]},{"@type":"WebSite","@id":"https:\/\/colegiobenedictino.edu.co\/#website","url":"https:\/\/colegiobenedictino.edu.co\/","name":"Benedictine School","description":"St Mary Benedictine School","publisher":{"@id":"https:\/\/colegiobenedictino.edu.co\/#organization"},"potentialAction":[{"@type":"SearchAction","target":{"@type":"EntryPoint","urlTemplate":"https:\/\/colegiobenedictino.edu.co\/?s={search_term_string}"},"query-input":{"@type":"PropertyValueSpecification","valueRequired":true,"valueName":"search_term_string"}}],"inLanguage":"en-US"},{"@type":"Organization","@id":"https:\/\/colegiobenedictino.edu.co\/#organization","name":"Benedictine School","url":"https:\/\/colegiobenedictino.edu.co\/","logo":{"@type":"ImageObject","inLanguage":"en-US","@id":"https:\/\/colegiobenedictino.edu.co\/#\/schema\/logo\/image\/","url":"https:\/\/colegiobenedictino.edu.co\/wp-content\/uploads\/2026\/03\/Mesa-de-trabajo-1.png","contentUrl":"https:\/\/colegiobenedictino.edu.co\/wp-content\/uploads\/2026\/03\/Mesa-de-trabajo-1.png","width":851,"height":851,"caption":"Colegio Benedictino"},"image":{"@id":"https:\/\/colegiobenedictino.edu.co\/#\/schema\/logo\/image\/"},"sameAs":["https:\/\/www.facebook.com\/colegiobenedictino?tsid=0.28463760125801607&source=result","https:\/\/www.instagram.com\/benedictinos\/"]}]}},"jetpack_likes_enabled":true,"jetpack_sharing_enabled":true,"jetpack_shortlink":"https:\/\/wp.me\/PgQAXK-lJ","jetpack-related-posts":[],"_links":{"self":[{"href":"https:\/\/colegiobenedictino.edu.co\/en\/wp-json\/wp\/v2\/pages\/1347","targetHints":{"allow":["GET"]}}],"collection":[{"href":"https:\/\/colegiobenedictino.edu.co\/en\/wp-json\/wp\/v2\/pages"}],"about":[{"href":"https:\/\/colegiobenedictino.edu.co\/en\/wp-json\/wp\/v2\/types\/page"}],"author":[{"embeddable":true,"href":"https:\/\/colegiobenedictino.edu.co\/en\/wp-json\/wp\/v2\/users\/272175875"}],"replies":[{"embeddable":true,"href":"https:\/\/colegiobenedictino.edu.co\/en\/wp-json\/wp\/v2\/comments?post=1347"}],"version-history":[{"count":21,"href":"https:\/\/colegiobenedictino.edu.co\/en\/wp-json\/wp\/v2\/pages\/1347\/revisions"}],"predecessor-version":[{"id":8115,"href":"https:\/\/colegiobenedictino.edu.co\/en\/wp-json\/wp\/v2\/pages\/1347\/revisions\/8115"}],"wp:featuredmedia":[{"embeddable":true,"href":"https:\/\/colegiobenedictino.edu.co\/en\/wp-json\/wp\/v2\/media\/7557"}],"wp:attachment":[{"href":"https:\/\/colegiobenedictino.edu.co\/en\/wp-json\/wp\/v2\/media?parent=1347"}],"curies":[{"name":"wp","href":"https:\/\/api.w.org\/{rel}","templated":true}]}}